{"id":472,"date":"2024-03-18T10:25:55","date_gmt":"2024-03-18T10:25:55","guid":{"rendered":"https:\/\/thewalkertours.com\/?page_id=472"},"modified":"2024-03-21T11:28:01","modified_gmt":"2024-03-21T11:28:01","slug":"cordoba","status":"publish","type":"page","link":"https:\/\/thewalkertours.com\/en\/cordoba\/","title":{"rendered":"C\u00d3RDOBA"},"content":{"rendered":"<div data-elementor-type=\"wp-page\" data-elementor-id=\"472\" class=\"elementor elementor-472\" data-elementor-post-type=\"page\">\n\t\t\t\t<div class=\"elementor-element elementor-element-39b7775 e-flex e-con-boxed e-con e-parent\" data-id=\"39b7775\" data-element_type=\"container\" data-core-v316-plus=\"true\">\n\t\t\t\t\t<div class=\"e-con-inner\">\n\t\t\t\t<div class=\"elementor-element elementor-element-5129275 elementor-widget elementor-widget-spacer\" data-id=\"5129275\" data-element_type=\"widget\" data-widget_type=\"spacer.default\">\n\t\t\t\t<div class=\"elementor-widget-container\">\n\t\t\t<style>\/*! elementor - v3.20.0 - 20-03-2024 *\/\n.elementor-column .elementor-spacer-inner{height:var(--spacer-size)}.e-con{--container-widget-width:100%}.e-con-inner>.elementor-widget-spacer,.e-con>.elementor-widget-spacer{width:var(--container-widget-width,var(--spacer-size));--align-self:var(--container-widget-align-self,initial);--flex-shrink:0}.e-con-inner>.elementor-widget-spacer>.elementor-widget-container,.e-con>.elementor-widget-spacer>.elementor-widget-container{height:100%;width:100%}.e-con-inner>.elementor-widget-spacer>.elementor-widget-container>.elementor-spacer,.e-con>.elementor-widget-spacer>.elementor-widget-container>.elementor-spacer{height:100%}.e-con-inner>.elementor-widget-spacer>.elementor-widget-container>.elementor-spacer>.elementor-spacer-inner,.e-con>.elementor-widget-spacer>.elementor-widget-container>.elementor-spacer>.elementor-spacer-inner{height:var(--container-widget-height,var(--spacer-size))}.e-con-inner>.elementor-widget-spacer.elementor-widget-empty,.e-con>.elementor-widget-spacer.elementor-widget-empty{position:relative;min-height:22px;min-width:22px}.e-con-inner>.elementor-widget-spacer.elementor-widget-empty .elementor-widget-empty-icon,.e-con>.elementor-widget-spacer.elementor-widget-empty .elementor-widget-empty-icon{position:absolute;top:0;bottom:0;left:0;right:0;margin:auto;padding:0;width:22px;height:22px}<\/style>\t\t<div class=\"elementor-spacer\">\n\t\t\t<div class=\"elementor-spacer-inner\"><\/div>\n\t\t<\/div>\n\t\t\t\t<\/div>\n\t\t\t\t<\/div>\n\t\t\t\t\t<\/div>\n\t\t\t\t<\/div>\n\t\t<div class=\"elementor-element elementor-element-c8de1ac e-flex e-con-boxed e-con e-parent\" data-id=\"c8de1ac\" data-element_type=\"container\" data-core-v316-plus=\"true\">\n\t\t\t\t\t<div class=\"e-con-inner\">\n\t\t<div class=\"elementor-element elementor-element-a4727d6 e-con-full e-flex e-con e-child\" data-id=\"a4727d6\" data-element_type=\"container\">\n\t\t\t\t<div class=\"elementor-element elementor-element-461ac3f elementor-widget elementor-widget-image\" data-id=\"461ac3f\" data-element_type=\"widget\" data-widget_type=\"image.default\">\n\t\t\t\t<div class=\"elementor-widget-container\">\n\t\t\t<style>\/*! elementor - v3.20.0 - 20-03-2024 *\/\n.elementor-widget-image{text-align:center}.elementor-widget-image a{display:inline-block}.elementor-widget-image a img[src$=\".svg\"]{width:48px}.elementor-widget-image img{vertical-align:middle;display:inline-block}<\/style>\t\t\t\t\t\t\t\t\t\t<img fetchpriority=\"high\" decoding=\"async\" width=\"1000\" height=\"750\" src=\"https:\/\/thewalkertours.com\/wp-content\/uploads\/2024\/03\/visite-de-la-mosquee-de-cordoue-5.webp\" class=\"attachment-large size-large wp-image-537\" alt=\"\" srcset=\"https:\/\/thewalkertours.com\/wp-content\/uploads\/2024\/03\/visite-de-la-mosquee-de-cordoue-5.webp 1000w, https:\/\/thewalkertours.com\/wp-content\/uploads\/2024\/03\/visite-de-la-mosquee-de-cordoue-5-300x225.webp 300w, https:\/\/thewalkertours.com\/wp-content\/uploads\/2024\/03\/visite-de-la-mosquee-de-cordoue-5-768x576.webp 768w\" sizes=\"(max-width: 1000px) 100vw, 1000px\" \/>\t\t\t\t\t\t\t\t\t\t\t\t\t<\/div>\n\t\t\t\t<\/div>\n\t\t\t\t<\/div>\n\t\t<div class=\"elementor-element elementor-element-4ecfd24 e-con-full e-flex e-con e-child\" data-id=\"4ecfd24\" data-element_type=\"container\">\n\t\t\t\t<div class=\"elementor-element elementor-element-af6bc35 elementor-widget__width-initial elementor-widget elementor-widget-image\" data-id=\"af6bc35\" data-element_type=\"widget\" data-widget_type=\"image.default\">\n\t\t\t\t<div class=\"elementor-widget-container\">\n\t\t\t\t\t\t\t\t\t\t\t\t\t<img decoding=\"async\" src=\"https:\/\/thewalkertours.com\/wp-content\/uploads\/2024\/03\/istockphoto-527818659-612x612-1.jpg\" title=\"El Puente Romano de C\u00f3rdoba: Testimonio centenario sobre el r\u00edo Guadalquivir\" alt=\"Contempla la grandeza del Puente Romano de C\u00f3rdoba, un legado de la antigua ingenier\u00eda\" loading=\"lazy\" \/>\t\t\t\t\t\t\t\t\t\t\t\t\t<\/div>\n\t\t\t\t<\/div>\n\t\t\t\t<\/div>\n\t\t<div class=\"elementor-element elementor-element-db577fb e-con-full e-flex e-con e-child\" data-id=\"db577fb\" data-element_type=\"container\">\n\t\t\t\t<div class=\"elementor-element elementor-element-46d0f20 elementor-widget elementor-widget-image\" data-id=\"46d0f20\" data-element_type=\"widget\" data-widget_type=\"image.default\">\n\t\t\t\t<div class=\"elementor-widget-container\">\n\t\t\t\t\t\t\t\t\t\t\t\t\t<img decoding=\"async\" width=\"1000\" height=\"750\" src=\"https:\/\/thewalkertours.com\/wp-content\/uploads\/2024\/03\/visite-de-la-mosquee-de-cordoue-1.webp\" class=\"attachment-large size-large wp-image-538\" alt=\"Marav\u00edllate con la Arquitectura de los Arcos de la Mezquita de C\u00f3rdoba: Elegancia en cada curva\" srcset=\"https:\/\/thewalkertours.com\/wp-content\/uploads\/2024\/03\/visite-de-la-mosquee-de-cordoue-1.webp 1000w, https:\/\/thewalkertours.com\/wp-content\/uploads\/2024\/03\/visite-de-la-mosquee-de-cordoue-1-300x225.webp 300w, https:\/\/thewalkertours.com\/wp-content\/uploads\/2024\/03\/visite-de-la-mosquee-de-cordoue-1-768x576.webp 768w\" sizes=\"(max-width: 1000px) 100vw, 1000px\" \/>\t\t\t\t\t\t\t\t\t\t\t\t\t<\/div>\n\t\t\t\t<\/div>\n\t\t\t\t<\/div>\n\t\t\t\t\t<\/div>\n\t\t\t\t<\/div>\n\t\t<div class=\"elementor-element elementor-element-178d7af e-flex e-con-boxed e-con e-parent\" data-id=\"178d7af\" data-element_type=\"container\" data-core-v316-plus=\"true\">\n\t\t\t\t\t<div class=\"e-con-inner\">\n\t\t\t\t<div class=\"elementor-element elementor-element-e68a257 elementor-widget__width-initial elementor-widget elementor-widget-text-editor\" data-id=\"e68a257\" data-element_type=\"widget\" data-widget_type=\"text-editor.default\">\n\t\t\t\t<div class=\"elementor-widget-container\">\n\t\t\t<style>\/*! elementor - v3.20.0 - 20-03-2024 *\/\n.elementor-widget-text-editor.elementor-drop-cap-view-stacked .elementor-drop-cap{background-color:#69727d;color:#fff}.elementor-widget-text-editor.elementor-drop-cap-view-framed .elementor-drop-cap{color:#69727d;border:3px solid;background-color:transparent}.elementor-widget-text-editor:not(.elementor-drop-cap-view-default) .elementor-drop-cap{margin-top:8px}.elementor-widget-text-editor:not(.elementor-drop-cap-view-default) .elementor-drop-cap-letter{width:1em;height:1em}.elementor-widget-text-editor .elementor-drop-cap{float:left;text-align:center;line-height:1;font-size:50px}.elementor-widget-text-editor .elementor-drop-cap-letter{display:inline-block}<\/style>\t\t\t\t<p><span style=\"color: #292727;\">Welcome to Cordoba, a historical treasure in the heart of Andalusia!\u00a0<span style=\"font-size: 1rem;\">Let yourself be seduced by the beauty and charm of this city, where the traces of its glorious past intertwine with modern life in a unique setting. Cordoba is famous for its impressive Mosque-Cathedral, a symbol of cultural and architectural coexistence that will take your breath away with its marble columns, reddish arches and imposing bell tower.<\/span><\/span><\/p><p><span style=\"font-size: 1rem; color: #292727;\">Delve into the narrow streets of the old town, and discover the charms of the Jewish Quarter with its flowery courtyards, fountains and quiet squares. Don't miss the opportunity to lose yourself in the labyrinth of alleys of the Jewish Quarter, full of history and mystery around every corner.\u00a0<\/span><\/p><p><span style=\"font-size: 1rem; color: #292727;\">Cordoba is also known for its exquisite gastronomy, where you can enjoy traditional dishes such as salmorejo, oxtail and flamenqu\u00edn, accompanied by regional wines such as Montilla-Moriles.<\/span><\/p><p><span style=\"font-size: 1rem; color: #292727;\">Discover why Cordoba is a must-see destination on your trip to Spain. With its rich history, Andalusian charm and incomparable hospitality, this city will win you over from the very first moment, so get ready for an unforgettable experience in Cordoba!<\/span><\/p>\t\t\t\t\t\t<\/div>\n\t\t\t\t<\/div>\n\t\t\t\t\t<\/div>\n\t\t\t\t<\/div>\n\t\t<div class=\"elementor-element elementor-element-d7c29b0 e-flex e-con-boxed e-con e-parent\" data-id=\"d7c29b0\" data-element_type=\"container\" data-core-v316-plus=\"true\">\n\t\t\t\t\t<div class=\"e-con-inner\">\n\t\t\t\t<div class=\"elementor-element elementor-element-cae5197 elementor-widget elementor-widget-heading\" data-id=\"cae5197\" data-element_type=\"widget\" data-widget_type=\"heading.default\">\n\t\t\t\t<div class=\"elementor-widget-container\">\n\t\t\t<style>\/*! elementor - v3.20.0 - 20-03-2024 *\/\n.elementor-heading-title{padding:0;margin:0;line-height:1}.elementor-widget-heading .elementor-heading-title[class*=elementor-size-]>a{color:inherit;font-size:inherit;line-height:inherit}.elementor-widget-heading .elementor-heading-title.elementor-size-small{font-size:15px}.elementor-widget-heading .elementor-heading-title.elementor-size-medium{font-size:19px}.elementor-widget-heading .elementor-heading-title.elementor-size-large{font-size:29px}.elementor-widget-heading .elementor-heading-title.elementor-size-xl{font-size:39px}.elementor-widget-heading .elementor-heading-title.elementor-size-xxl{font-size:59px}<\/style><h2 class=\"elementor-heading-title elementor-size-default\">Places NOT to miss<\/h2>\t\t<\/div>\n\t\t\t\t<\/div>\n\t\t\t\t\t<\/div>\n\t\t\t\t<\/div>\n\t\t<div class=\"elementor-element elementor-element-cadb9be e-flex e-con-boxed e-con e-parent\" data-id=\"cadb9be\" data-element_type=\"container\" data-core-v316-plus=\"true\">\n\t\t\t\t\t<div class=\"e-con-inner\">\n\t\t<div class=\"elementor-element elementor-element-928dd9b e-con-full e-flex e-con e-child\" data-id=\"928dd9b\" data-element_type=\"container\">\n\t\t\t\t<div class=\"elementor-element elementor-element-57d550b elementor-widget elementor-widget-text-editor\" data-id=\"57d550b\" data-element_type=\"widget\" data-widget_type=\"text-editor.default\">\n\t\t\t\t<div class=\"elementor-widget-container\">\n\t\t\t\t\t\t\t<p><span style=\"color: #333333;\"><strong>LA MEZQUITA DE C\u00d3RDOBA<\/strong><\/span><\/p><p><span style=\"color: #333333;\">E<span style=\"text-align: var(--text-align);\">is one of the most emblematic monuments in Spain and a masterpiece of Islamic architecture. Built in the 8th century, it was initially a mosque during the Muslim period of Al-Andalus.<\/span><\/span><\/p><p><span style=\"text-align: var(--text-align); color: #333333;\">It stands out for its impressive forest of columns and horseshoe arches, as well as for its beautiful mihrab decorated with mosaics and stucco. After the Christian Reconquest in the 13th century, it became a Catholic cathedral, fusing Islamic, Christian and Renaissance elements. This unique combination of styles and cultures makes it a symbol of intercultural coexistence in Spain.\u00a0<\/span><\/p><p><span style=\"text-align: var(--text-align); color: #333333;\">The Mosque is recognized as a UNESCO World Heritage Site and attracts visitors from all over the world for its beauty and its historical and religious significance.<\/span><\/p>\t\t\t\t\t\t<\/div>\n\t\t\t\t<\/div>\n\t\t\t\t<div class=\"elementor-element elementor-element-2a7ee4e elementor-align-center elementor-widget elementor-widget-button\" data-id=\"2a7ee4e\" data-element_type=\"widget\" data-widget_type=\"button.default\">\n\t\t\t\t<div class=\"elementor-widget-container\">\n\t\t\t\t\t<div class=\"elementor-button-wrapper\">\n\t\t\t<a class=\"elementor-button elementor-button-link elementor-size-sm\" href=\"https:\/\/www.mezquita-cordoba.com\/\">\n\t\t\t\t\t\t<span class=\"elementor-button-content-wrapper\">\n\t\t\t\t\t\t<span class=\"elementor-button-text\">Book now<\/span>\n\t\t<\/span>\n\t\t\t\t\t<\/a>\n\t\t<\/div>\n\t\t\t\t<\/div>\n\t\t\t\t<\/div>\n\t\t\t\t<\/div>\n\t\t<div class=\"elementor-element elementor-element-aa2ee1e e-con-full e-flex e-con e-child\" data-id=\"aa2ee1e\" data-element_type=\"container\">\n\t\t\t\t<div class=\"elementor-element elementor-element-575e473 elementor-widget elementor-widget-image\" data-id=\"575e473\" data-element_type=\"widget\" data-widget_type=\"image.default\">\n\t\t\t\t<div class=\"elementor-widget-container\">\n\t\t\t\t\t\t\t\t\t\t\t\t\t<img decoding=\"async\" src=\"https:\/\/thewalkertours.com\/wp-content\/uploads\/2024\/03\/low-angle-shot-patterned-columns-lined-up-inside-majestic-cathedral-spain-scaled.jpg\" title=\"Marav\u00edllate con la Arquitectura de los Arcos de la Mezquita de C\u00f3rdoba: Elegancia en cada curva\" alt=\"Admira la Belleza de los Arcos de la Mezquita de C\u00f3rdoba, un legado de ingenier\u00eda y arte\" loading=\"lazy\" \/>\t\t\t\t\t\t\t\t\t\t\t\t\t<\/div>\n\t\t\t\t<\/div>\n\t\t\t\t<\/div>\n\t\t\t\t\t<\/div>\n\t\t\t\t<\/div>\n\t\t<div class=\"elementor-element elementor-element-c0beaab e-flex e-con-boxed e-con e-parent\" data-id=\"c0beaab\" data-element_type=\"container\" data-core-v316-plus=\"true\">\n\t\t\t\t\t<div class=\"e-con-inner\">\n\t\t<div class=\"elementor-element elementor-element-ca0e1ee e-con-full e-flex e-con e-child\" data-id=\"ca0e1ee\" data-element_type=\"container\">\n\t\t\t\t<div class=\"elementor-element elementor-element-1a6c78e elementor-widget elementor-widget-image\" data-id=\"1a6c78e\" data-element_type=\"widget\" data-widget_type=\"image.default\">\n\t\t\t\t<div class=\"elementor-widget-container\">\n\t\t\t\t\t\t\t\t\t\t\t\t\t<img decoding=\"async\" src=\"https:\/\/vitiumcordoba.com\/wp-content\/uploads\/2023\/02\/conoce-cordoba-en-1-dia-hotel-en-cordoba-vitium-blog-.jpg\" title=\"\" alt=\"\" loading=\"lazy\" \/>\t\t\t\t\t\t\t\t\t\t\t\t\t<\/div>\n\t\t\t\t<\/div>\n\t\t\t\t<\/div>\n\t\t\t\t<div class=\"elementor-element elementor-element-11fad0f elementor-widget__width-initial elementor-widget elementor-widget-text-editor\" data-id=\"11fad0f\" data-element_type=\"widget\" data-widget_type=\"text-editor.default\">\n\t\t\t\t<div class=\"elementor-widget-container\">\n\t\t\t\t\t\t\t<p><span style=\"color: #000000;\"><strong>PUENTE ROMANO<\/strong><\/span><\/p><p><span style=\"color: #333333;\">It is a historic structure that stands majestically over the Guadalquivir River. Built in the 1st century BC, during Roman times, this bridge has witnessed centuries of history and is one of the most emblematic monuments of the city.<\/span><\/p><p><span style=\"color: #333333;\">With its 16 stone arches, it offers breathtaking views of the city. Over the years, it has undergone several renovations and restorations, but remains a tangible testimony to Cordoba's Roman legacy.<\/span><\/p><p><span style=\"color: #333333;\">The Roman Bridge is a symbol of the durability and timeless beauty of the city's historical heritage, and is a must-see for those who wish to immerse themselves in its fascinating past.<\/span><\/p>\t\t\t\t\t\t<\/div>\n\t\t\t\t<\/div>\n\t\t\t\t\t<\/div>\n\t\t\t\t<\/div>\n\t\t<div class=\"elementor-element elementor-element-86b510b e-flex e-con-boxed e-con e-parent\" data-id=\"86b510b\" data-element_type=\"container\" data-core-v316-plus=\"true\">\n\t\t\t\t\t<div class=\"e-con-inner\">\n\t\t<div class=\"elementor-element elementor-element-527ab0f e-con-full e-flex e-con e-child\" data-id=\"527ab0f\" data-element_type=\"container\">\n\t\t\t\t<div class=\"elementor-element elementor-element-a7d0e45 elementor-widget elementor-widget-text-editor\" data-id=\"a7d0e45\" data-element_type=\"widget\" data-widget_type=\"text-editor.default\">\n\t\t\t\t<div class=\"elementor-widget-container\">\n\t\t\t\t\t\t\t<p><span style=\"color: #000000;\"><strong>ALC\u00c1ZAR DE LOS REYES CRISTIANOS<\/strong><\/span><\/p><p><span style=\"color: #333333;\">E<span style=\"text-align: var(--text-align);\">It is an imposing fortress that stands in the heart of the city. Built in the 14th century by order of King Alfonso XI, this palace-fortress has witnessed important historical events over the centuries. Its imposing towers and murals tell the story of the Christian Reconquest in Spain. In addition to its defensive function, the Alcazar served as a royal residence and as the seat of the Inquisition in the 15th century.\u00a0<\/span><\/span><\/p><p><span style=\"text-align: var(--text-align); color: #333333;\">Its beautiful gardens, adorned with fountains and lush vegetation, are a haven of peace amidst the bustle of the city. Today, the Alcazar is an important historical and cultural monument, attracting visitors from all over the world with its fascinating architecture and history.<\/span><\/p>\t\t\t\t\t\t<\/div>\n\t\t\t\t<\/div>\n\t\t\t\t<\/div>\n\t\t<div class=\"elementor-element elementor-element-dfaefa1 e-con-full e-flex e-con e-child\" data-id=\"dfaefa1\" data-element_type=\"container\">\n\t\t\t\t<div class=\"elementor-element elementor-element-604eb60 elementor-widget elementor-widget-image\" data-id=\"604eb60\" data-element_type=\"widget\" data-widget_type=\"image.default\">\n\t\t\t\t<div class=\"elementor-widget-container\">\n\t\t\t\t\t\t\t\t\t\t\t\t\t<img decoding=\"async\" src=\"https:\/\/guias-viajar.com\/wp-content\/uploads\/2014\/02\/Alc%C3%A1zar-Reyes-Cristianos-FB-010.jpg\" title=\"\" alt=\"\" loading=\"lazy\" \/>\t\t\t\t\t\t\t\t\t\t\t\t\t<\/div>\n\t\t\t\t<\/div>\n\t\t\t\t<\/div>\n\t\t\t\t\t<\/div>\n\t\t\t\t<\/div>\n\t\t<div class=\"elementor-element elementor-element-f903e73 e-flex e-con-boxed e-con e-parent\" data-id=\"f903e73\" data-element_type=\"container\" data-core-v316-plus=\"true\">\n\t\t\t\t\t<div class=\"e-con-inner\">\n\t\t\t\t<div class=\"elementor-element elementor-element-92db9e7 elementor-widget elementor-widget-heading\" data-id=\"92db9e7\" data-element_type=\"widget\" data-widget_type=\"heading.default\">\n\t\t\t\t<div class=\"elementor-widget-container\">\n\t\t\t<h2 class=\"elementor-heading-title elementor-size-default\">Areas you must visit<\/h2>\t\t<\/div>\n\t\t\t\t<\/div>\n\t\t\t\t\t<\/div>\n\t\t\t\t<\/div>\n\t\t<div class=\"elementor-element elementor-element-e3b37b1 e-flex e-con-boxed e-con e-parent\" data-id=\"e3b37b1\" data-element_type=\"container\" data-core-v316-plus=\"true\">\n\t\t\t\t\t<div class=\"e-con-inner\">\n\t\t<div class=\"elementor-element elementor-element-7deee41 e-con-full e-flex e-con e-child\" data-id=\"7deee41\" data-element_type=\"container\">\n\t\t\t\t<div class=\"elementor-element elementor-element-a28a3a2 elementor-widget elementor-widget-image\" data-id=\"a28a3a2\" data-element_type=\"widget\" data-widget_type=\"image.default\">\n\t\t\t\t<div class=\"elementor-widget-container\">\n\t\t\t\t\t\t\t\t\t\t\t\t\t<img decoding=\"async\" src=\"https:\/\/upload.wikimedia.org\/wikipedia\/commons\/f\/f9\/Plaza_de_la_Corredera_desde_el_aire_%28C%C3%B3rdoba%2C_Espa%C3%B1a%29_%28cropped%29.jpg\" title=\"\" alt=\"\" loading=\"lazy\" \/>\t\t\t\t\t\t\t\t\t\t\t\t\t<\/div>\n\t\t\t\t<\/div>\n\t\t\t\t<\/div>\n\t\t\t\t<div class=\"elementor-element elementor-element-88448c1 elementor-widget elementor-widget-text-editor\" data-id=\"88448c1\" data-element_type=\"widget\" data-widget_type=\"text-editor.default\">\n\t\t\t\t<div class=\"elementor-widget-container\">\n\t\t\t\t\t\t\t<p><span style=\"color: #000000;\"><strong>PLAZA DE LA CORREDERA<\/strong><\/span><\/p><p><span style=\"color: #333333;\">It is an emblematic place that embodies the vibrant and colorful essence of the city. Built in the 17th century, this rectangular square is one of the largest in Spain and is surrounded by baroque and neoclassical buildings. For centuries, the Plaza de la Corredera has been the center of Cordoba's social and commercial life, hosting markets, bullfights and festive events.<\/span><\/p><p><span style=\"color: #333333;\">Today, the square is a popular place for locals and tourists, who come to enjoy its many bars, restaurants and stores. It is a perfect place to enjoy a lunch or a coffee in the sun enjoying the charm that hides this beautiful square full of balconies.<\/span><\/p>\t\t\t\t\t\t<\/div>\n\t\t\t\t<\/div>\n\t\t\t\t\t<\/div>\n\t\t\t\t<\/div>\n\t\t<div class=\"elementor-element elementor-element-3f08273 e-flex e-con-boxed e-con e-parent\" data-id=\"3f08273\" data-element_type=\"container\" data-core-v316-plus=\"true\">\n\t\t\t\t\t<div class=\"e-con-inner\">\n\t\t\t\t<div class=\"elementor-element elementor-element-431ddf7 elementor-widget__width-initial elementor-widget elementor-widget-text-editor\" data-id=\"431ddf7\" data-element_type=\"widget\" data-widget_type=\"text-editor.default\">\n\t\t\t\t<div class=\"elementor-widget-container\">\n\t\t\t\t\t\t\t<p><span style=\"color: #000000;\"><strong>PATIOS DE C\u00d3RDOBA<\/strong><\/span><\/p><p><span style=\"color: #333333;\">They represent a unique and charming tradition that has endured over the centuries in this Andalusian city. These patios, characterized by their typical Andalusian architecture and lush vegetation, are intimate and colorful spaces that reflect the passion of their inhabitants for the care of their homes and communal living. This tradition dates back to the times of Roman Cordoba and has been influenced by Arab and later Christian culture, creating a fusion of styles and unique gardening techniques.<\/span><\/p><p><span style=\"color: #333333;\">Every year, during the Festival de los Patios de C\u00f3rdoba, residents open the doors of their homes to show the public the beauty of their patios, competing in competitions that reward originality and creativity in design and decoration. This festival, declared Intangible Cultural Heritage of Humanity by UNESCO in 2012, attracts tourists from all over the world and has become one of the most emblematic events of the Cordoban spring.<\/span><\/p><p><span style=\"color: #333333;\">The Patios of Cordoba are much more than simple convivial spaces: they are a reflection of the identity and spirit of this historic city. Through their natural beauty and deep-rooted tradition, the patios are a living testimony to the love and pride that the people of C\u00f3rdoba feel for their cultural heritage and their community, leaving a lasting impression on all those who have the privilege of visiting them.<\/span><\/p>\t\t\t\t\t\t<\/div>\n\t\t\t\t<\/div>\n\t\t\t\t\t<\/div>\n\t\t\t\t<\/div>\n\t\t<div class=\"elementor-element elementor-element-e6eeaaf e-flex e-con-boxed e-con e-parent\" data-id=\"e6eeaaf\" data-element_type=\"container\" data-core-v316-plus=\"true\">\n\t\t\t\t\t<div class=\"e-con-inner\">\n\t\t\t\t<div class=\"elementor-element elementor-element-04888af elementor-widget elementor-widget-gallery\" data-id=\"04888af\" data-element_type=\"widget\" data-settings=\"{&quot;gallery_layout&quot;:&quot;justified&quot;,&quot;lazyload&quot;:&quot;yes&quot;,&quot;ideal_row_height&quot;:{&quot;unit&quot;:&quot;px&quot;,&quot;size&quot;:200,&quot;sizes&quot;:[]},&quot;ideal_row_height_tablet&quot;:{&quot;unit&quot;:&quot;px&quot;,&quot;size&quot;:150,&quot;sizes&quot;:[]},&quot;ideal_row_height_mobile&quot;:{&quot;unit&quot;:&quot;px&quot;,&quot;size&quot;:150,&quot;sizes&quot;:[]},&quot;gap&quot;:{&quot;unit&quot;:&quot;px&quot;,&quot;size&quot;:10,&quot;sizes&quot;:[]},&quot;gap_tablet&quot;:{&quot;unit&quot;:&quot;px&quot;,&quot;size&quot;:10,&quot;sizes&quot;:[]},&quot;gap_mobile&quot;:{&quot;unit&quot;:&quot;px&quot;,&quot;size&quot;:10,&quot;sizes&quot;:[]},&quot;link_to&quot;:&quot;file&quot;,&quot;overlay_background&quot;:&quot;yes&quot;,&quot;content_hover_animation&quot;:&quot;fade-in&quot;}\" data-widget_type=\"gallery.default\">\n\t\t\t\t<div class=\"elementor-widget-container\">\n\t\t\t<style>\/*! elementor-pro - v3.20.0 - 20-03-2024 *\/\n.elementor-gallery__container{min-height:1px}.elementor-gallery-item{position:relative;overflow:hidden;display:block;text-decoration:none;border:solid var(--image-border-width) var(--image-border-color);border-radius:var(--image-border-radius)}.elementor-gallery-item__content,.elementor-gallery-item__overlay{height:100%;width:100%;position:absolute;top:0;left:0}.elementor-gallery-item__overlay{mix-blend-mode:var(--overlay-mix-blend-mode);transition-duration:var(--overlay-transition-duration);transition-property:mix-blend-mode,transform,opacity,background-color}.elementor-gallery-item__image.e-gallery-image{transition-duration:var(--image-transition-duration);transition-property:filter,transform}.elementor-gallery-item__content{display:flex;flex-direction:column;justify-content:var(--content-justify-content,center);align-items:center;text-align:var(--content-text-align);padding:var(--content-padding)}.elementor-gallery-item__content>div{transition-duration:var(--content-transition-duration)}.elementor-gallery-item__content.elementor-gallery--sequenced-animation>div:nth-child(2){transition-delay:calc(var(--content-transition-delay) \/ 3)}.elementor-gallery-item__content.elementor-gallery--sequenced-animation>div:nth-child(3){transition-delay:calc(var(--content-transition-delay) \/ 3 * 2)}.elementor-gallery-item__content.elementor-gallery--sequenced-animation>div:nth-child(4){transition-delay:calc(var(--content-transition-delay) \/ 3 * 3)}.elementor-gallery-item__description{color:var(--description-text-color,#fff);width:100%}.elementor-gallery-item__title{color:var(--title-text-color,#fff);font-weight:700;width:100%}.elementor-gallery__titles-container{display:flex;flex-wrap:wrap;justify-content:var(--titles-container-justify-content,center);margin-bottom:20px}.elementor-gallery__titles-container:not(.e--pointer-framed) .elementor-item:after,.elementor-gallery__titles-container:not(.e--pointer-framed) .elementor-item:before{background-color:var(--galleries-pointer-bg-color-hover)}.elementor-gallery__titles-container:not(.e--pointer-framed) .elementor-item.elementor-item-active:after,.elementor-gallery__titles-container:not(.e--pointer-framed) .elementor-item.elementor-item-active:before{background-color:var(--galleries-pointer-bg-color-active)}.elementor-gallery__titles-container.e--pointer-framed .elementor-item:before{border-color:var(--galleries-pointer-bg-color-hover);border-width:var(--galleries-pointer-border-width)}.elementor-gallery__titles-container.e--pointer-framed .elementor-item:after{border-color:var(--galleries-pointer-bg-color-hover)}.elementor-gallery__titles-container.e--pointer-framed .elementor-item.elementor-item-active:after,.elementor-gallery__titles-container.e--pointer-framed .elementor-item.elementor-item-active:before{border-color:var(--galleries-pointer-bg-color-active)}.elementor-gallery__titles-container.e--pointer-framed.e--animation-draw .elementor-item:before{border-left-width:var(--galleries-pointer-border-width);border-bottom-width:var(--galleries-pointer-border-width);border-right-width:0;border-top-width:0}.elementor-gallery__titles-container.e--pointer-framed.e--animation-draw .elementor-item:after{border-left-width:0;border-bottom-width:0;border-right-width:var(--galleries-pointer-border-width);border-top-width:var(--galleries-pointer-border-width)}.elementor-gallery__titles-container.e--pointer-framed.e--animation-corners .elementor-item:before{border-left-width:var(--galleries-pointer-border-width);border-bottom-width:0;border-right-width:0;border-top-width:var(--galleries-pointer-border-width)}.elementor-gallery__titles-container.e--pointer-framed.e--animation-corners .elementor-item:after{border-left-width:0;border-bottom-width:var(--galleries-pointer-border-width);border-right-width:var(--galleries-pointer-border-width);border-top-width:0}.elementor-gallery__titles-container .e--pointer-double-line .elementor-item:after,.elementor-gallery__titles-container .e--pointer-double-line .elementor-item:before,.elementor-gallery__titles-container .e--pointer-overline .elementor-item:before,.elementor-gallery__titles-container .e--pointer-underline .elementor-item:after{height:var(--galleries-pointer-border-width)}.elementor-gallery-title{--space-between:10px;cursor:pointer;color:#6d7882;font-weight:500;position:relative;padding:7px 14px;transition:all .3s}.elementor-gallery-title--active{color:#495157}.elementor-gallery-title:not(:last-child){margin-right:var(--space-between)}.elementor-gallery-item__title+.elementor-gallery-item__description{margin-top:var(--description-margin-top)}.e-gallery-item.elementor-gallery-item{transition-property:all}.e-gallery-item.elementor-animated-content .elementor-animated-item--enter-from-bottom,.e-gallery-item.elementor-animated-content .elementor-animated-item--enter-from-left,.e-gallery-item.elementor-animated-content .elementor-animated-item--enter-from-right,.e-gallery-item.elementor-animated-content .elementor-animated-item--enter-from-top,.e-gallery-item:focus .elementor-gallery__item-overlay-bg,.e-gallery-item:focus .elementor-gallery__item-overlay-content,.e-gallery-item:focus .elementor-gallery__item-overlay-content__description,.e-gallery-item:focus .elementor-gallery__item-overlay-content__title,.e-gallery-item:hover .elementor-gallery__item-overlay-bg,.e-gallery-item:hover .elementor-gallery__item-overlay-content,.e-gallery-item:hover .elementor-gallery__item-overlay-content__description,.e-gallery-item:hover .elementor-gallery__item-overlay-content__title{opacity:1}a.elementor-item.elementor-gallery-title{color:var(--galleries-title-color-normal)}a.elementor-item.elementor-gallery-title.elementor-item-active,a.elementor-item.elementor-gallery-title.highlighted,a.elementor-item.elementor-gallery-title:focus,a.elementor-item.elementor-gallery-title:hover{color:var(--galleries-title-color-hover)}a.elementor-item.elementor-gallery-title.elementor-item-active{color:var(--gallery-title-color-active)}.e-con-inner>.elementor-widget-gallery,.e-con>.elementor-widget-gallery{width:var(--container-widget-width);--flex-grow:var(--container-widget-flex-grow)}<\/style>\t\t<div class=\"elementor-gallery__container\">\n\t\t\t\t\t\t\t<a class=\"e-gallery-item elementor-gallery-item elementor-animated-content\" href=\"https:\/\/thewalkertours.com\/wp-content\/uploads\/2024\/03\/141663.webp\" data-elementor-open-lightbox=\"yes\" data-elementor-lightbox-slideshow=\"04888af\" data-elementor-lightbox-title=\"Descubre la exuberancia de los Patios de C\u00f3rdoba, oasis de color y fragancia\" data-elementor-lightbox-description=\"Explora la maravillosa tradici\u00f3n de los Patios de C\u00f3rdoba, donde la arquitectura andaluza se fusiona con la naturaleza en una explosi\u00f3n de belleza floral. Estos patios, con sus paredes encaladas y sus exuberantes plantas, son una celebraci\u00f3n de la vida al aire libre y la hospitalidad cordobesa.\" data-e-action-hash=\"#elementor-action%3Aaction%3Dlightbox%26settings%3DeyJpZCI6NTYzLCJ1cmwiOiJodHRwczpcL1wvdGhld2Fsa2VydG91cnMuY29tXC93cC1jb250ZW50XC91cGxvYWRzXC8yMDI0XC8wM1wvMTQxNjYzLndlYnAiLCJzbGlkZXNob3ciOiIwNDg4OGFmIn0%3D\">\n\t\t\t\t\t<div class=\"e-gallery-image elementor-gallery-item__image\" data-thumbnail=\"https:\/\/thewalkertours.com\/wp-content\/uploads\/2024\/03\/141663-300x225.webp\" data-width=\"300\" data-height=\"225\" aria-label=\"Sum\u00e9rgete en la magia de los Patios de C\u00f3rdoba: Tesoros florales entre paredes blancas\" role=\"img\" ><\/div>\n\t\t\t\t\t\t\t\t\t\t\t<div class=\"elementor-gallery-item__overlay\"><\/div>\n\t\t\t\t\t\t\t\t\t\t\t\t\t\t<\/a>\n\t\t\t\t\t\t\t<a class=\"e-gallery-item elementor-gallery-item elementor-animated-content\" href=\"https:\/\/thewalkertours.com\/wp-content\/uploads\/2024\/03\/Patios-2-scaled-1.jpg\" data-elementor-open-lightbox=\"yes\" data-elementor-lightbox-slideshow=\"04888af\" data-elementor-lightbox-title=\"Patios-c\u00f3rdoba\" data-e-action-hash=\"#elementor-action%3Aaction%3Dlightbox%26settings%3DeyJpZCI6NTYwLCJ1cmwiOiJodHRwczpcL1wvdGhld2Fsa2VydG91cnMuY29tXC93cC1jb250ZW50XC91cGxvYWRzXC8yMDI0XC8wM1wvUGF0aW9zLTItc2NhbGVkLTEuanBnIiwic2xpZGVzaG93IjoiMDQ4ODhhZiJ9\">\n\t\t\t\t\t<div class=\"e-gallery-image elementor-gallery-item__image\" data-thumbnail=\"https:\/\/thewalkertours.com\/wp-content\/uploads\/2024\/03\/Patios-2-scaled-1-300x199.jpg\" data-width=\"300\" data-height=\"199\" aria-label=\"\" role=\"img\" ><\/div>\n\t\t\t\t\t\t\t\t\t\t\t<div class=\"elementor-gallery-item__overlay\"><\/div>\n\t\t\t\t\t\t\t\t\t\t\t\t\t\t<\/a>\n\t\t\t\t\t\t\t<a class=\"e-gallery-item elementor-gallery-item elementor-animated-content\" href=\"https:\/\/thewalkertours.com\/wp-content\/uploads\/2024\/03\/blue-pots-red-geraniums-scaled.jpg\" data-elementor-open-lightbox=\"yes\" data-elementor-lightbox-slideshow=\"04888af\" data-elementor-lightbox-title=\"Descubre la exuberancia de los Patios de C\u00f3rdoba, oasis de color y fragancia\" data-elementor-lightbox-description=\"Explora la maravillosa tradici\u00f3n de los Patios de C\u00f3rdoba, donde la arquitectura andaluza se fusiona con la naturaleza en una explosi\u00f3n de belleza floral. Estos patios, con sus paredes encaladas y sus exuberantes plantas, son una celebraci\u00f3n de la vida al aire libre y la hospitalidad cordobesa. Durante el Festival de los Patios, estos espacios privados se abren al p\u00fablico, ofreciendo una oportunidad \u00fanica para admirar la creatividad y el esmero de sus cuidadores. Sum\u00e9rgete en la frescura y el perfume de los Patios de C\u00f3rdoba y descubre la magia que los convierte en un patrimonio cultural de la humanidad\" data-e-action-hash=\"#elementor-action%3Aaction%3Dlightbox%26settings%3DeyJpZCI6NTYxLCJ1cmwiOiJodHRwczpcL1wvdGhld2Fsa2VydG91cnMuY29tXC93cC1jb250ZW50XC91cGxvYWRzXC8yMDI0XC8wM1wvYmx1ZS1wb3RzLXJlZC1nZXJhbml1bXMtc2NhbGVkLmpwZyIsInNsaWRlc2hvdyI6IjA0ODg4YWYifQ%3D%3D\">\n\t\t\t\t\t<div class=\"e-gallery-image elementor-gallery-item__image\" data-thumbnail=\"https:\/\/thewalkertours.com\/wp-content\/uploads\/2024\/03\/blue-pots-red-geraniums-240x300.jpg\" data-width=\"240\" data-height=\"300\" aria-label=\"Sum\u00e9rgete en la magia de los Patios de C\u00f3rdoba: Tesoros florales entre paredes blancas\" role=\"img\" ><\/div>\n\t\t\t\t\t\t\t\t\t\t\t<div class=\"elementor-gallery-item__overlay\"><\/div>\n\t\t\t\t\t\t\t\t\t\t\t\t\t\t<\/a>\n\t\t\t\t\t\t\t<a class=\"e-gallery-item elementor-gallery-item elementor-animated-content\" href=\"https:\/\/thewalkertours.com\/wp-content\/uploads\/2024\/03\/Captura-de-pantalla-2024-03-19-102216.png\" data-elementor-open-lightbox=\"yes\" data-elementor-lightbox-slideshow=\"04888af\" data-elementor-lightbox-title=\"Descubre la exuberancia de los Patios de C\u00f3rdoba, oasis de color y fragancia\" data-elementor-lightbox-description=\"Explora la maravillosa tradici\u00f3n de los Patios de C\u00f3rdoba, donde la arquitectura andaluza se fusiona con la naturaleza en una explosi\u00f3n de belleza floral. Estos patios, con sus paredes encaladas y sus exuberantes plantas, son una celebraci\u00f3n de la vida al aire libre y la hospitalidad cordobesa. Durante el Festival de los Patios, estos espacios privados se abren al p\u00fablico, ofreciendo una oportunidad \u00fanica para admirar la creatividad y el esmero de sus cuidadores. Sum\u00e9rgete en la frescura y el perfume de los Patios de C\u00f3rdoba y descubre la magia que los convierte en un patrimonio cultural de la humanidad\" data-e-action-hash=\"#elementor-action%3Aaction%3Dlightbox%26settings%3DeyJpZCI6NTYyLCJ1cmwiOiJodHRwczpcL1wvdGhld2Fsa2VydG91cnMuY29tXC93cC1jb250ZW50XC91cGxvYWRzXC8yMDI0XC8wM1wvQ2FwdHVyYS1kZS1wYW50YWxsYS0yMDI0LTAzLTE5LTEwMjIxNi5wbmciLCJzbGlkZXNob3ciOiIwNDg4OGFmIn0%3D\">\n\t\t\t\t\t<div class=\"e-gallery-image elementor-gallery-item__image\" data-thumbnail=\"https:\/\/thewalkertours.com\/wp-content\/uploads\/2024\/03\/Captura-de-pantalla-2024-03-19-102216-198x300.png\" data-width=\"198\" data-height=\"300\" aria-label=\"Sum\u00e9rgete en la magia de los Patios de C\u00f3rdoba: Tesoros florales entre paredes blancas\" role=\"img\" ><\/div>\n\t\t\t\t\t\t\t\t\t\t\t<div class=\"elementor-gallery-item__overlay\"><\/div>\n\t\t\t\t\t\t\t\t\t\t\t\t\t\t<\/a>\n\t\t\t\t\t<\/div>\n\t\t\t<\/div>\n\t\t\t\t<\/div>\n\t\t\t\t\t<\/div>\n\t\t\t\t<\/div>\n\t\t<div class=\"elementor-element elementor-element-ec3368c e-flex e-con-boxed e-con e-parent\" data-id=\"ec3368c\" data-element_type=\"container\" data-core-v316-plus=\"true\">\n\t\t\t\t\t<div class=\"e-con-inner\">\n\t\t\t\t<div class=\"elementor-element elementor-element-e5e433f elementor-widget elementor-widget-text-editor\" data-id=\"e5e433f\" data-element_type=\"widget\" data-widget_type=\"text-editor.default\">\n\t\t\t\t<div class=\"elementor-widget-container\">\n\t\t\t\t\t\t\t<p><span style=\"color: #000000;\"><strong>LA JUDER\u00cdA<\/strong><\/span><\/p><p><span style=\"color: #333333;\">The Jewish Quarter in Cordoba is a historically and culturally significant place. Located in the historic center of the city, it is famous for its narrow cobblestone streets, charming courtyards and Moorish architecture. During the Middle Ages, this neighborhood was the heart of the Jewish community in Cordoba, with a rich history of coexistence between cultures. Landmarks such as the Synagogue of Cordoba, one of the few remnants of medieval Jewry in Spain, as well as the Calleja de las Flores and the Plaza de Tiberias. Today, the Jewish Quarter is a vibrant tourist area, full of stores, restaurants and charming corners that attract visitors from all over the world.<\/span><\/p>\t\t\t\t\t\t<\/div>\n\t\t\t\t<\/div>\n\t\t\t\t\t<\/div>\n\t\t\t\t<\/div>\n\t\t<div class=\"elementor-element elementor-element-4bfa6fa e-flex e-con-boxed e-con e-parent\" data-id=\"4bfa6fa\" data-element_type=\"container\" data-core-v316-plus=\"true\">\n\t\t\t\t\t<div class=\"e-con-inner\">\n\t\t<div class=\"elementor-element elementor-element-0de5f45 e-con-full e-flex e-con e-child\" data-id=\"0de5f45\" data-element_type=\"container\">\n\t\t\t\t<div class=\"elementor-element elementor-element-c56e2ea elementor-widget elementor-widget-text-editor\" data-id=\"c56e2ea\" data-element_type=\"widget\" data-widget_type=\"text-editor.default\">\n\t\t\t\t<div class=\"elementor-widget-container\">\n\t\t\t\t\t\t\t<p><span style=\"color: #000000;\"><strong>LA CALLEJA DE LAS FLORES<\/strong><\/span><\/p><p><span style=\"color: #333333;\">It is an emblematic passage in the heart of the Jewish Quarter in Cordoba. It is famous for its narrow alleys adorned with pots of colorful flowers hanging from the whitewashed walls, creating a picturesque and charming image.\u00a0<\/span><\/p><p><span style=\"color: #333333;\">The street leads to a small square from where you can admire the impressive view of the tower of the Cathedral of Cordoba.\u00a0<\/span><\/p><p><span style=\"color: #333333;\">Es un lugar muy visitado por turistas que buscan capturar la esencia y la belleza de la arquitectura tradicional cordobesa y disfrutar de su atm\u00f3sfera rom\u00e1ntica y tranquila.<\/span><\/p>\t\t\t\t\t\t<\/div>\n\t\t\t\t<\/div>\n\t\t\t\t<\/div>\n\t\t<div class=\"elementor-element elementor-element-980f15b e-con-full e-flex e-con e-child\" data-id=\"980f15b\" data-element_type=\"container\">\n\t\t\t\t<div class=\"elementor-element elementor-element-3e1473c elementor-widget elementor-widget-image\" data-id=\"3e1473c\" data-element_type=\"widget\" data-widget_type=\"image.default\">\n\t\t\t\t<div class=\"elementor-widget-container\">\n\t\t\t\t\t\t\t\t\t\t\t\t\t<img decoding=\"async\" width=\"237\" height=\"367\" src=\"https:\/\/thewalkertours.com\/wp-content\/uploads\/2024\/03\/Captura-de-pantalla-2024-03-19-103312.png\" class=\"attachment-large size-large wp-image-564\" alt=\"Explora la belleza \u00fanica de la Calleja de las Flores, un rinc\u00f3n pintoresco en C\u00f3rdoba\" srcset=\"https:\/\/thewalkertours.com\/wp-content\/uploads\/2024\/03\/Captura-de-pantalla-2024-03-19-103312.png 237w, https:\/\/thewalkertours.com\/wp-content\/uploads\/2024\/03\/Captura-de-pantalla-2024-03-19-103312-194x300.png 194w\" sizes=\"(max-width: 237px) 100vw, 237px\" \/>\t\t\t\t\t\t\t\t\t\t\t\t\t<\/div>\n\t\t\t\t<\/div>\n\t\t\t\t<\/div>\n\t\t\t\t\t<\/div>\n\t\t\t\t<\/div>\n\t\t\t\t<\/div>","protected":false},"excerpt":{"rendered":"<p>\u00a1Bienvenidos a C\u00f3rdoba, un tesoro hist\u00f3rico en el coraz\u00f3n de Andaluc\u00eda!\u00a0D\u00e9jate seducir por la belleza y el encanto de esta ciudad, donde las huellas de su glorioso pasado se entrelazan con la vida moderna en un escenario \u00fanico. C\u00f3rdoba es famosa por su impresionante Mezquita-Catedral, un s\u00edmbolo de convivencia cultural y arquitect\u00f3nica que te dejar\u00e1 [&hellip;]<\/p>","protected":false},"author":3,"featured_media":0,"parent":0,"menu_order":0,"comment_status":"closed","ping_status":"closed","template":"","meta":{"om_disable_all_campaigns":false,"_monsterinsights_skip_tracking":false,"_monsterinsights_sitenote_active":false,"_monsterinsights_sitenote_note":"","_monsterinsights_sitenote_category":0,"_uf_show_specific_survey":0,"_uf_disable_surveys":false,"footnotes":""},"class_list":["post-472","page","type-page","status-publish","hentry"],"yoast_head":"<!-- This site is optimized with the Yoast SEO plugin v22.3 - https:\/\/yoast.com\/wordpress\/plugins\/seo\/ -->\n<title>C\u00d3RDOBA - The Walker Tours<\/title>\n<meta name=\"robots\" content=\"index, follow, max-snippet:-1, max-image-preview:large, max-video-preview:-1\" \/>\n<link rel=\"canonical\" href=\"https:\/\/thewalkertours.com\/en\/cordoba\/\" \/>\n<meta property=\"og:locale\" content=\"en_US\" \/>\n<meta property=\"og:type\" content=\"article\" \/>\n<meta property=\"og:title\" content=\"C\u00d3RDOBA - The Walker Tours\" \/>\n<meta property=\"og:description\" content=\"\u00a1Bienvenidos a C\u00f3rdoba, un tesoro hist\u00f3rico en el coraz\u00f3n de Andaluc\u00eda!\u00a0D\u00e9jate seducir por la belleza y el encanto de esta ciudad, donde las huellas de su glorioso pasado se entrelazan con la vida moderna en un escenario \u00fanico. C\u00f3rdoba es famosa por su impresionante Mezquita-Catedral, un s\u00edmbolo de convivencia cultural y arquitect\u00f3nica que te dejar\u00e1 [&hellip;]\" \/>\n<meta property=\"og:url\" content=\"https:\/\/thewalkertours.com\/en\/cordoba\/\" \/>\n<meta property=\"og:site_name\" content=\"The Walker Tours\" \/>\n<meta property=\"article:modified_time\" content=\"2024-03-21T11:28:01+00:00\" \/>\n<meta property=\"og:image\" content=\"https:\/\/thewalkertours.com\/wp-content\/uploads\/2024\/03\/visite-de-la-mosquee-de-cordoue-5.webp\" \/>\n<meta name=\"twitter:card\" content=\"summary_large_image\" \/>\n<meta name=\"twitter:label1\" content=\"Est. reading time\" \/>\n\t<meta name=\"twitter:data1\" content=\"6 minutes\" \/>\n<script type=\"application\/ld+json\" class=\"yoast-schema-graph\">{\"@context\":\"https:\/\/schema.org\",\"@graph\":[{\"@type\":\"WebPage\",\"@id\":\"https:\/\/thewalkertours.com\/cordoba\/\",\"url\":\"https:\/\/thewalkertours.com\/cordoba\/\",\"name\":\"C\u00d3RDOBA - The Walker Tours\",\"isPartOf\":{\"@id\":\"https:\/\/thewalkertours.com\/#website\"},\"primaryImageOfPage\":{\"@id\":\"https:\/\/thewalkertours.com\/cordoba\/#primaryimage\"},\"image\":{\"@id\":\"https:\/\/thewalkertours.com\/cordoba\/#primaryimage\"},\"thumbnailUrl\":\"https:\/\/thewalkertours.com\/wp-content\/uploads\/2024\/03\/visite-de-la-mosquee-de-cordoue-5.webp\",\"datePublished\":\"2024-03-18T10:25:55+00:00\",\"dateModified\":\"2024-03-21T11:28:01+00:00\",\"breadcrumb\":{\"@id\":\"https:\/\/thewalkertours.com\/cordoba\/#breadcrumb\"},\"inLanguage\":\"en-US\",\"potentialAction\":[{\"@type\":\"ReadAction\",\"target\":[\"https:\/\/thewalkertours.com\/cordoba\/\"]}]},{\"@type\":\"ImageObject\",\"inLanguage\":\"en-US\",\"@id\":\"https:\/\/thewalkertours.com\/cordoba\/#primaryimage\",\"url\":\"https:\/\/thewalkertours.com\/wp-content\/uploads\/2024\/03\/visite-de-la-mosquee-de-cordoue-5.webp\",\"contentUrl\":\"https:\/\/thewalkertours.com\/wp-content\/uploads\/2024\/03\/visite-de-la-mosquee-de-cordoue-5.webp\",\"width\":1000,\"height\":750},{\"@type\":\"BreadcrumbList\",\"@id\":\"https:\/\/thewalkertours.com\/cordoba\/#breadcrumb\",\"itemListElement\":[{\"@type\":\"ListItem\",\"position\":1,\"name\":\"Home\",\"item\":\"https:\/\/thewalkertours.com\/\"},{\"@type\":\"ListItem\",\"position\":2,\"name\":\"C\u00d3RDOBA\"}]},{\"@type\":\"WebSite\",\"@id\":\"https:\/\/thewalkertours.com\/#website\",\"url\":\"https:\/\/thewalkertours.com\/\",\"name\":\"The Walker Tours\",\"description\":\"Descubre historia, cultura y belleza.\",\"publisher\":{\"@id\":\"https:\/\/thewalkertours.com\/#organization\"},\"potentialAction\":[{\"@type\":\"SearchAction\",\"target\":{\"@type\":\"EntryPoint\",\"urlTemplate\":\"https:\/\/thewalkertours.com\/?s={search_term_string}\"},\"query-input\":\"required name=search_term_string\"}],\"inLanguage\":\"en-US\"},{\"@type\":\"Organization\",\"@id\":\"https:\/\/thewalkertours.com\/#organization\",\"name\":\"The Walker Tours\",\"url\":\"https:\/\/thewalkertours.com\/\",\"logo\":{\"@type\":\"ImageObject\",\"inLanguage\":\"en-US\",\"@id\":\"https:\/\/thewalkertours.com\/#\/schema\/logo\/image\/\",\"url\":\"https:\/\/thewalkertours.com\/wp-content\/uploads\/2023\/10\/7.png\",\"contentUrl\":\"https:\/\/thewalkertours.com\/wp-content\/uploads\/2023\/10\/7.png\",\"width\":964,\"height\":964,\"caption\":\"The Walker Tours\"},\"image\":{\"@id\":\"https:\/\/thewalkertours.com\/#\/schema\/logo\/image\/\"}}]}<\/script>\n<!-- \/ Yoast SEO plugin. -->","yoast_head_json":{"title":"C\u00d3RDOBA - The Walker Tours","robots":{"index":"index","follow":"follow","max-snippet":"max-snippet:-1","max-image-preview":"max-image-preview:large","max-video-preview":"max-video-preview:-1"},"canonical":"https:\/\/thewalkertours.com\/en\/cordoba\/","og_locale":"en_US","og_type":"article","og_title":"C\u00d3RDOBA - The Walker Tours","og_description":"\u00a1Bienvenidos a C\u00f3rdoba, un tesoro hist\u00f3rico en el coraz\u00f3n de Andaluc\u00eda!\u00a0D\u00e9jate seducir por la belleza y el encanto de esta ciudad, donde las huellas de su glorioso pasado se entrelazan con la vida moderna en un escenario \u00fanico. C\u00f3rdoba es famosa por su impresionante Mezquita-Catedral, un s\u00edmbolo de convivencia cultural y arquitect\u00f3nica que te dejar\u00e1 [&hellip;]","og_url":"https:\/\/thewalkertours.com\/en\/cordoba\/","og_site_name":"The Walker Tours","article_modified_time":"2024-03-21T11:28:01+00:00","og_image":[{"url":"https:\/\/thewalkertours.com\/wp-content\/uploads\/2024\/03\/visite-de-la-mosquee-de-cordoue-5.webp"}],"twitter_card":"summary_large_image","twitter_misc":{"Est. reading time":"6 minutes"},"schema":{"@context":"https:\/\/schema.org","@graph":[{"@type":"WebPage","@id":"https:\/\/thewalkertours.com\/cordoba\/","url":"https:\/\/thewalkertours.com\/cordoba\/","name":"C\u00d3RDOBA - The Walker Tours","isPartOf":{"@id":"https:\/\/thewalkertours.com\/#website"},"primaryImageOfPage":{"@id":"https:\/\/thewalkertours.com\/cordoba\/#primaryimage"},"image":{"@id":"https:\/\/thewalkertours.com\/cordoba\/#primaryimage"},"thumbnailUrl":"https:\/\/thewalkertours.com\/wp-content\/uploads\/2024\/03\/visite-de-la-mosquee-de-cordoue-5.webp","datePublished":"2024-03-18T10:25:55+00:00","dateModified":"2024-03-21T11:28:01+00:00","breadcrumb":{"@id":"https:\/\/thewalkertours.com\/cordoba\/#breadcrumb"},"inLanguage":"en-US","potentialAction":[{"@type":"ReadAction","target":["https:\/\/thewalkertours.com\/cordoba\/"]}]},{"@type":"ImageObject","inLanguage":"en-US","@id":"https:\/\/thewalkertours.com\/cordoba\/#primaryimage","url":"https:\/\/thewalkertours.com\/wp-content\/uploads\/2024\/03\/visite-de-la-mosquee-de-cordoue-5.webp","contentUrl":"https:\/\/thewalkertours.com\/wp-content\/uploads\/2024\/03\/visite-de-la-mosquee-de-cordoue-5.webp","width":1000,"height":750},{"@type":"BreadcrumbList","@id":"https:\/\/thewalkertours.com\/cordoba\/#breadcrumb","itemListElement":[{"@type":"ListItem","position":1,"name":"Home","item":"https:\/\/thewalkertours.com\/"},{"@type":"ListItem","position":2,"name":"C\u00d3RDOBA"}]},{"@type":"WebSite","@id":"https:\/\/thewalkertours.com\/#website","url":"https:\/\/thewalkertours.com\/","name":"The Walker Tours","description":"Descubre historia, cultura y belleza.","publisher":{"@id":"https:\/\/thewalkertours.com\/#organization"},"potentialAction":[{"@type":"SearchAction","target":{"@type":"EntryPoint","urlTemplate":"https:\/\/thewalkertours.com\/?s={search_term_string}"},"query-input":"required name=search_term_string"}],"inLanguage":"en-US"},{"@type":"Organization","@id":"https:\/\/thewalkertours.com\/#organization","name":"The Walker Tours","url":"https:\/\/thewalkertours.com\/","logo":{"@type":"ImageObject","inLanguage":"en-US","@id":"https:\/\/thewalkertours.com\/#\/schema\/logo\/image\/","url":"https:\/\/thewalkertours.com\/wp-content\/uploads\/2023\/10\/7.png","contentUrl":"https:\/\/thewalkertours.com\/wp-content\/uploads\/2023\/10\/7.png","width":964,"height":964,"caption":"The Walker Tours"},"image":{"@id":"https:\/\/thewalkertours.com\/#\/schema\/logo\/image\/"}}]}},"_links":{"self":[{"href":"https:\/\/thewalkertours.com\/en\/wp-json\/wp\/v2\/pages\/472","targetHints":{"allow":["GET"]}}],"collection":[{"href":"https:\/\/thewalkertours.com\/en\/wp-json\/wp\/v2\/pages"}],"about":[{"href":"https:\/\/thewalkertours.com\/en\/wp-json\/wp\/v2\/types\/page"}],"author":[{"embeddable":true,"href":"https:\/\/thewalkertours.com\/en\/wp-json\/wp\/v2\/users\/3"}],"replies":[{"embeddable":true,"href":"https:\/\/thewalkertours.com\/en\/wp-json\/wp\/v2\/comments?post=472"}],"version-history":[{"count":58,"href":"https:\/\/thewalkertours.com\/en\/wp-json\/wp\/v2\/pages\/472\/revisions"}],"predecessor-version":[{"id":774,"href":"https:\/\/thewalkertours.com\/en\/wp-json\/wp\/v2\/pages\/472\/revisions\/774"}],"wp:attachment":[{"href":"https:\/\/thewalkertours.com\/en\/wp-json\/wp\/v2\/media?parent=472"}],"curies":[{"name":"wp","href":"https:\/\/api.w.org\/{rel}","templated":true}]}}